{"id":487,"date":"2019-01-21T16:44:25","date_gmt":"2019-01-21T16:44:25","guid":{"rendered":"https:\/\/www.vfmconseil.ch\/news\/"},"modified":"2023-03-01T07:58:51","modified_gmt":"2023-03-01T07:58:51","slug":"actualites","status":"publish","type":"page","link":"https:\/\/www.vfmconseil.ch\/fr\/actualites\/","title":{"rendered":"Actualit\u00e9s"},"content":{"rendered":"\t\t<div data-elementor-type=\"wp-post\" data-elementor-id=\"487\" class=\"elementor elementor-487 elementor-290\" data-elementor-post-type=\"page\">\n\t\t\t\t\t\t<section class=\"elementor-section elementor-top-section elementor-element elementor-element-23914ce9 elementor-section-stretched elementor-section-full_width elementor-section-height-min-height elementor-section-height-default elementor-section-items-middle\" data-id=\"23914ce9\" data-element_type=\"section\" data-e-type=\"section\" data-settings=\"{&quot;stretch_section&quot;:&quot;section-stretched&quot;,&quot;background_background&quot;:&quot;classic&quot;}\">\n\t\t\t\t\t\t<div class=\"elementor-container elementor-column-gap-default\">\n\t\t\t\t\t<div class=\"elementor-column elementor-col-100 elementor-top-column elementor-element elementor-element-29d75bce\" data-id=\"29d75bce\" data-element_type=\"column\" data-e-type=\"column\">\n\t\t\t<div class=\"elementor-widget-wrap\">\n\t\t\t\t\t\t\t<\/div>\n\t\t<\/div>\n\t\t\t\t\t<\/div>\n\t\t<\/section>\n\t\t\t\t<section class=\"elementor-section elementor-top-section elementor-element elementor-element-bb606eb elementor-section-content-middle elementor-section-stretched elementor-section-boxed elementor-section-height-default elementor-section-height-default\" data-id=\"bb606eb\" data-element_type=\"section\" data-e-type=\"section\" data-settings=\"{&quot;stretch_section&quot;:&quot;section-stretched&quot;}\">\n\t\t\t\t\t\t<div class=\"elementor-container elementor-column-gap-no\">\n\t\t\t\t\t<div class=\"elementor-column elementor-col-100 elementor-top-column elementor-element elementor-element-452e919c\" data-id=\"452e919c\" data-element_type=\"column\" data-e-type=\"column\">\n\t\t\t<div class=\"elementor-widget-wrap elementor-element-populated\">\n\t\t\t\t\t\t<div class=\"elementor-element elementor-element-198029c8 elementor-widget elementor-widget-heading\" data-id=\"198029c8\" data-element_type=\"widget\" data-e-type=\"widget\" data-widget_type=\"heading.default\">\n\t\t\t\t<div class=\"elementor-widget-container\">\n\t\t\t\t\t<h1 class=\"elementor-heading-title elementor-size-xxl\">Actualit\u00e9s<\/h1>\t\t\t\t<\/div>\n\t\t\t\t<\/div>\n\t\t\t\t<div class=\"elementor-element elementor-element-7a9fdd14 elementor-widget elementor-widget-spacer\" data-id=\"7a9fdd14\" data-element_type=\"widget\" data-e-type=\"widget\" data-widget_type=\"spacer.default\">\n\t\t\t\t<div class=\"elementor-widget-container\">\n\t\t\t\t\t\t\t<div class=\"elementor-spacer\">\n\t\t\t<div class=\"elementor-spacer-inner\"><\/div>\n\t\t<\/div>\n\t\t\t\t\t\t<\/div>\n\t\t\t\t<\/div>\n\t\t\t\t<div class=\"elementor-element elementor-element-72d6d55 elementor-posts--thumbnail-none elementor-posts--align-left elementor-posts__hover-none elementor-grid-3 elementor-grid-tablet-2 elementor-grid-mobile-1 elementor-card-shadow-yes elementor-widget elementor-widget-posts\" data-id=\"72d6d55\" data-element_type=\"widget\" data-e-type=\"widget\" data-settings=\"{&quot;cards_row_gap&quot;:{&quot;unit&quot;:&quot;px&quot;,&quot;size&quot;:40,&quot;sizes&quot;:[]},&quot;pagination_type&quot;:&quot;numbers&quot;,&quot;cards_columns&quot;:&quot;3&quot;,&quot;cards_columns_tablet&quot;:&quot;2&quot;,&quot;cards_columns_mobile&quot;:&quot;1&quot;,&quot;cards_row_gap_tablet&quot;:{&quot;unit&quot;:&quot;px&quot;,&quot;size&quot;:&quot;&quot;,&quot;sizes&quot;:[]},&quot;cards_row_gap_mobile&quot;:{&quot;unit&quot;:&quot;px&quot;,&quot;size&quot;:&quot;&quot;,&quot;sizes&quot;:[]}}\" data-widget_type=\"posts.cards\">\n\t\t\t\t<div class=\"elementor-widget-container\">\n\t\t\t\t\t\t\t<div class=\"elementor-posts-container elementor-posts elementor-posts--skin-cards elementor-grid\" role=\"list\">\n\t\t\t\t<article class=\"elementor-post elementor-grid-item post-859 post type-post status-publish format-standard hentry category-actualite entry\" role=\"listitem\">\n\t\t\t<div class=\"elementor-post__card\">\n\t\t\t\t<div class=\"elementor-post__text\">\n\t\t\t\t<h3 class=\"elementor-post__title\">\n\t\t\t<a href=\"https:\/\/www.vfmconseil.ch\/fr\/retif-nouvelle-evaluation-des-societes\/\" >\n\t\t\t\tRETIF \u2013 Nouvelle \u00c9valuation des Soci\u00e9t\u00e9s\t\t\t<\/a>\n\t\t<\/h3>\n\t\t\t\t<div class=\"elementor-post__excerpt\">\n\t\t\t<p>L\u2019administration fiscale proc\u00e8de chaque ann\u00e9e \u00e0 l\u2019\u00e9valuation des actions des soci\u00e9t\u00e9s anonymes (SA) et des soci\u00e9t\u00e9s \u00e0 responsabilit\u00e9 limit\u00e9e (S\u00e0rl).<\/p>\n\t\t<\/div>\n\t\t\n\t\t<a class=\"elementor-post__read-more\" href=\"https:\/\/www.vfmconseil.ch\/fr\/retif-nouvelle-evaluation-des-societes\/\" aria-label=\"En savoir plus sur RETIF \u2013 Nouvelle \u00c9valuation des Soci\u00e9t\u00e9s\" tabindex=\"-1\" >\n\t\t\tRead More \u00bb\t\t<\/a>\n\n\t\t\t\t<\/div>\n\t\t\t\t<div class=\"elementor-post__meta-data\">\n\t\t\t\t\t<span class=\"elementor-post-date\">\n\t\t\t18 avril 2024\t\t<\/span>\n\t\t\t\t<\/div>\n\t\t\t\t\t<\/div>\n\t\t<\/article>\n\t\t\t\t<article class=\"elementor-post elementor-grid-item post-853 post type-post status-publish format-standard hentry category-actualite entry\" role=\"listitem\">\n\t\t\t<div class=\"elementor-post__card\">\n\t\t\t\t<div class=\"elementor-post__text\">\n\t\t\t\t<h3 class=\"elementor-post__title\">\n\t\t\t<a href=\"https:\/\/www.vfmconseil.ch\/fr\/nouvelle-loi-sur-la-protection-des-donnees-lpd\/\" >\n\t\t\t\tNouvelle Loi sur la Protection des Donn\u00e9es (LPD)\t\t\t<\/a>\n\t\t<\/h3>\n\t\t\t\t<div class=\"elementor-post__excerpt\">\n\t\t\t<p>La nouvelle loi f\u00e9d\u00e9rale sur la protection des donn\u00e9es est entr\u00e9e en vigueur le 1er septembre 2023. Cette l\u00e9gislation s\u2019applique<\/p>\n\t\t<\/div>\n\t\t\n\t\t<a class=\"elementor-post__read-more\" href=\"https:\/\/www.vfmconseil.ch\/fr\/nouvelle-loi-sur-la-protection-des-donnees-lpd\/\" aria-label=\"En savoir plus sur Nouvelle Loi sur la Protection des Donn\u00e9es (LPD)\" tabindex=\"-1\" >\n\t\t\tRead More \u00bb\t\t<\/a>\n\n\t\t\t\t<\/div>\n\t\t\t\t<div class=\"elementor-post__meta-data\">\n\t\t\t\t\t<span class=\"elementor-post-date\">\n\t\t\t2 f\u00e9vrier 2024\t\t<\/span>\n\t\t\t\t<\/div>\n\t\t\t\t\t<\/div>\n\t\t<\/article>\n\t\t\t\t<article class=\"elementor-post elementor-grid-item post-847 post type-post status-publish format-standard hentry category-actualite entry\" role=\"listitem\">\n\t\t\t<div class=\"elementor-post__card\">\n\t\t\t\t<div class=\"elementor-post__text\">\n\t\t\t\t<h3 class=\"elementor-post__title\">\n\t\t\t<a href=\"https:\/\/www.vfmconseil.ch\/fr\/mise-a-jour-des-taux-de-tva-a-partir-du-1er-janvier-2024\/\" >\n\t\t\t\tMise \u00e0 Jour des Taux de TVA \u00e0 Partir du 1er janvier 2024\t\t\t<\/a>\n\t\t<\/h3>\n\t\t\t\t<div class=\"elementor-post__excerpt\">\n\t\t\t<p>Nous tenons \u00e0 vous informer des modifications importantes concernant les taux de TVA qui entreront en vigueur le 1er janvier<\/p>\n\t\t<\/div>\n\t\t\n\t\t<a class=\"elementor-post__read-more\" href=\"https:\/\/www.vfmconseil.ch\/fr\/mise-a-jour-des-taux-de-tva-a-partir-du-1er-janvier-2024\/\" aria-label=\"En savoir plus sur Mise \u00e0 Jour des Taux de TVA \u00e0 Partir du 1er janvier 2024\" tabindex=\"-1\" >\n\t\t\tRead More \u00bb\t\t<\/a>\n\n\t\t\t\t<\/div>\n\t\t\t\t<div class=\"elementor-post__meta-data\">\n\t\t\t\t\t<span class=\"elementor-post-date\">\n\t\t\t1 janvier 2024\t\t<\/span>\n\t\t\t\t<\/div>\n\t\t\t\t\t<\/div>\n\t\t<\/article>\n\t\t\t\t<article class=\"elementor-post elementor-grid-item post-590 post type-post status-publish format-standard hentry category-actualite entry\" role=\"listitem\">\n\t\t\t<div class=\"elementor-post__card\">\n\t\t\t\t<div class=\"elementor-post__text\">\n\t\t\t\t<h3 class=\"elementor-post__title\">\n\t\t\t<a href=\"https:\/\/www.vfmconseil.ch\/fr\/a-la-recherche-dun-nouveau-job-nous-recrutons\/\" >\n\t\t\t\tA la recherche d&rsquo;un nouveau job ? Nous recrutons !\t\t\t<\/a>\n\t\t<\/h3>\n\t\t\t\t<div class=\"elementor-post__excerpt\">\n\t\t\t<p>Nous recherchons un(e) comptable assistant(e) \u00e0 100% \u00a0 Ce qui vous motive Un environnement de travail stimulant Un travail vari\u00e9.<\/p>\n\t\t<\/div>\n\t\t\n\t\t<a class=\"elementor-post__read-more\" href=\"https:\/\/www.vfmconseil.ch\/fr\/a-la-recherche-dun-nouveau-job-nous-recrutons\/\" aria-label=\"En savoir plus sur A la recherche d&rsquo;un nouveau job ? Nous recrutons !\" tabindex=\"-1\" >\n\t\t\tRead More \u00bb\t\t<\/a>\n\n\t\t\t\t<\/div>\n\t\t\t\t<div class=\"elementor-post__meta-data\">\n\t\t\t\t\t<span class=\"elementor-post-date\">\n\t\t\t4 septembre 2020\t\t<\/span>\n\t\t\t\t<\/div>\n\t\t\t\t\t<\/div>\n\t\t<\/article>\n\t\t\t\t<article class=\"elementor-post elementor-grid-item post-586 post type-post status-publish format-standard hentry category-actualite entry\" role=\"listitem\">\n\t\t\t<div class=\"elementor-post__card\">\n\t\t\t\t<div class=\"elementor-post__text\">\n\t\t\t\t<h3 class=\"elementor-post__title\">\n\t\t\t<a href=\"https:\/\/www.vfmconseil.ch\/fr\/la-deduction-des-frais-davocat\/\" >\n\t\t\t\tLA DEDUCTION DES FRAIS D&rsquo;AVOCAT\t\t\t<\/a>\n\t\t<\/h3>\n\t\t\t\t<div class=\"elementor-post__excerpt\">\n\t\t\t<p>La d\u00e9duction des frais d&rsquo;avocat : une possibilit\u00e9 souvent mal connue m\u00eame des offices d\u2019imp\u00f4t. Les honoraires d\u2019avocats peuvent-ils \u00eatre<\/p>\n\t\t<\/div>\n\t\t\n\t\t<a class=\"elementor-post__read-more\" href=\"https:\/\/www.vfmconseil.ch\/fr\/la-deduction-des-frais-davocat\/\" aria-label=\"En savoir plus sur LA DEDUCTION DES FRAIS D&rsquo;AVOCAT\" tabindex=\"-1\" >\n\t\t\tRead More \u00bb\t\t<\/a>\n\n\t\t\t\t<\/div>\n\t\t\t\t<div class=\"elementor-post__meta-data\">\n\t\t\t\t\t<span class=\"elementor-post-date\">\n\t\t\t4 septembre 2020\t\t<\/span>\n\t\t\t\t<\/div>\n\t\t\t\t\t<\/div>\n\t\t<\/article>\n\t\t\t\t<article class=\"elementor-post elementor-grid-item post-561 post type-post status-publish format-standard hentry category-actualite entry\" role=\"listitem\">\n\t\t\t<div class=\"elementor-post__card\">\n\t\t\t\t<div class=\"elementor-post__text\">\n\t\t\t\t<h3 class=\"elementor-post__title\">\n\t\t\t<a href=\"https:\/\/www.vfmconseil.ch\/fr\/cash-is-king-une-gestion-de-tresorerie-au-jour-le-jour\/\" >\n\t\t\t\tCash is King &#8211; Une gestion de tr\u00e9sorerie au jour le jour\t\t\t<\/a>\n\t\t<\/h3>\n\t\t\t\t<div class=\"elementor-post__excerpt\">\n\t\t\t<p>Si l\u2019activit\u00e9 \u00e9conomique reprend peu \u00e0 peu ses droits, elle n\u2019en demeure pas moins convalescente et ses plaies encore b\u00e9antes<\/p>\n\t\t<\/div>\n\t\t\n\t\t<a class=\"elementor-post__read-more\" href=\"https:\/\/www.vfmconseil.ch\/fr\/cash-is-king-une-gestion-de-tresorerie-au-jour-le-jour\/\" aria-label=\"En savoir plus sur Cash is King &#8211; Une gestion de tr\u00e9sorerie au jour le jour\" tabindex=\"-1\" >\n\t\t\tRead More \u00bb\t\t<\/a>\n\n\t\t\t\t<\/div>\n\t\t\t\t<div class=\"elementor-post__meta-data\">\n\t\t\t\t\t<span class=\"elementor-post-date\">\n\t\t\t1 juillet 2020\t\t<\/span>\n\t\t\t\t<\/div>\n\t\t\t\t\t<\/div>\n\t\t<\/article>\n\t\t\t\t<article class=\"elementor-post elementor-grid-item post-557 post type-post status-publish format-standard hentry category-actualite entry\" role=\"listitem\">\n\t\t\t<div class=\"elementor-post__card\">\n\t\t\t\t<div class=\"elementor-post__text\">\n\t\t\t\t<h3 class=\"elementor-post__title\">\n\t\t\t<a href=\"https:\/\/www.vfmconseil.ch\/fr\/ras-le-bol-de-la-morosite-covid-19-et-si-on-parlait-dinnovation\/\" >\n\t\t\t\tRAS-LE-BOL de la morosit\u00e9 COVID-19, et si on parlait d\u2019INNOVATION\t\t\t<\/a>\n\t\t<\/h3>\n\t\t\t\t<div class=\"elementor-post__excerpt\">\n\t\t\t<p>Il ne faudrait pas que la r\u00e9alit\u00e9 du moment nous fasse oublier de nous projeter dans l\u2019avenir, avenir qui pourbeaucoup<\/p>\n\t\t<\/div>\n\t\t\n\t\t<a class=\"elementor-post__read-more\" href=\"https:\/\/www.vfmconseil.ch\/fr\/ras-le-bol-de-la-morosite-covid-19-et-si-on-parlait-dinnovation\/\" aria-label=\"En savoir plus sur RAS-LE-BOL de la morosit\u00e9 COVID-19, et si on parlait d\u2019INNOVATION\" tabindex=\"-1\" >\n\t\t\tRead More \u00bb\t\t<\/a>\n\n\t\t\t\t<\/div>\n\t\t\t\t<div class=\"elementor-post__meta-data\">\n\t\t\t\t\t<span class=\"elementor-post-date\">\n\t\t\t1 juillet 2020\t\t<\/span>\n\t\t\t\t<\/div>\n\t\t\t\t\t<\/div>\n\t\t<\/article>\n\t\t\t\t<article class=\"elementor-post elementor-grid-item post-553 post type-post status-publish format-standard hentry category-actualite entry\" role=\"listitem\">\n\t\t\t<div class=\"elementor-post__card\">\n\t\t\t\t<div class=\"elementor-post__text\">\n\t\t\t\t<h3 class=\"elementor-post__title\">\n\t\t\t<a href=\"https:\/\/www.vfmconseil.ch\/fr\/la-fin-des-actions-au-porteur\/\" >\n\t\t\t\tLa fin des actions au porteur\t\t\t<\/a>\n\t\t<\/h3>\n\t\t\t\t<div class=\"elementor-post__excerpt\">\n\t\t\t<p>L\u2019entr\u00e9e en vigueur au 1er novembre 2019 de la loi sur la mise en \u0153uvre des recommandations du Forum mondial<\/p>\n\t\t<\/div>\n\t\t\n\t\t<a class=\"elementor-post__read-more\" href=\"https:\/\/www.vfmconseil.ch\/fr\/la-fin-des-actions-au-porteur\/\" aria-label=\"En savoir plus sur La fin des actions au porteur\" tabindex=\"-1\" >\n\t\t\tRead More \u00bb\t\t<\/a>\n\n\t\t\t\t<\/div>\n\t\t\t\t<div class=\"elementor-post__meta-data\">\n\t\t\t\t\t<span class=\"elementor-post-date\">\n\t\t\t27 mai 2020\t\t<\/span>\n\t\t\t\t<\/div>\n\t\t\t\t\t<\/div>\n\t\t<\/article>\n\t\t\t\t<article class=\"elementor-post elementor-grid-item post-543 post type-post status-publish format-standard hentry category-actualite entry\" role=\"listitem\">\n\t\t\t<div class=\"elementor-post__card\">\n\t\t\t\t<div class=\"elementor-post__text\">\n\t\t\t\t<h3 class=\"elementor-post__title\">\n\t\t\t<a href=\"https:\/\/www.vfmconseil.ch\/fr\/surendettement-et-crise-de-liquidites-pour-cause-de-covid-19-que-devez-vous-faire-en-tant-quadministrateur\/\" >\n\t\t\t\tSURENDETTEMENT ET CRISE DE LIQUIDITES POUR CAUSE DE COVID-19 : QUE DEVEZ-VOUS FAIRE EN TANT QU\u2019ADMINISTRATEUR ?\t\t\t<\/a>\n\t\t<\/h3>\n\t\t\t\t<div class=\"elementor-post__excerpt\">\n\t\t\t<p>En raison de la crise sanitaire que nous traversons, certaines entreprises vont se retrouver dans une situation de surendettement ou<\/p>\n\t\t<\/div>\n\t\t\n\t\t<a class=\"elementor-post__read-more\" href=\"https:\/\/www.vfmconseil.ch\/fr\/surendettement-et-crise-de-liquidites-pour-cause-de-covid-19-que-devez-vous-faire-en-tant-quadministrateur\/\" aria-label=\"En savoir plus sur SURENDETTEMENT ET CRISE DE LIQUIDITES POUR CAUSE DE COVID-19 : QUE DEVEZ-VOUS FAIRE EN TANT QU\u2019ADMINISTRATEUR ?\" tabindex=\"-1\" >\n\t\t\tRead More \u00bb\t\t<\/a>\n\n\t\t\t\t<\/div>\n\t\t\t\t<div class=\"elementor-post__meta-data\">\n\t\t\t\t\t<span class=\"elementor-post-date\">\n\t\t\t13 mai 2020\t\t<\/span>\n\t\t\t\t<\/div>\n\t\t\t\t\t<\/div>\n\t\t<\/article>\n\t\t\t\t<article class=\"elementor-post elementor-grid-item post-533 post type-post status-publish format-standard hentry category-actualite entry\" role=\"listitem\">\n\t\t\t<div class=\"elementor-post__card\">\n\t\t\t\t<div class=\"elementor-post__text\">\n\t\t\t\t<h3 class=\"elementor-post__title\">\n\t\t\t<a href=\"https:\/\/www.vfmconseil.ch\/fr\/bouclement-des-comptes-2019-quid-dune-provision-exceptionnelle-dans-le-cadre-du-covid-19\/\" >\n\t\t\t\tBouclement des comptes 2019 \u2013 quid d\u2019une provision exceptionnelle dans le cadre du COVID-19 ?\t\t\t<\/a>\n\t\t<\/h3>\n\t\t\t\t<div class=\"elementor-post__excerpt\">\n\t\t\t<p>Ind\u00e9pendamment du fait que la pand\u00e9mie de coronavirus constitue un \u00e9v\u00e9nement post\u00e9rieur \u00e0 la date du 31 d\u00e9cembre 2019, il<\/p>\n\t\t<\/div>\n\t\t\n\t\t<a class=\"elementor-post__read-more\" href=\"https:\/\/www.vfmconseil.ch\/fr\/bouclement-des-comptes-2019-quid-dune-provision-exceptionnelle-dans-le-cadre-du-covid-19\/\" aria-label=\"En savoir plus sur Bouclement des comptes 2019 \u2013 quid d\u2019une provision exceptionnelle dans le cadre du COVID-19 ?\" tabindex=\"-1\" >\n\t\t\tRead More \u00bb\t\t<\/a>\n\n\t\t\t\t<\/div>\n\t\t\t\t<div class=\"elementor-post__meta-data\">\n\t\t\t\t\t<span class=\"elementor-post-date\">\n\t\t\t1 mai 2020\t\t<\/span>\n\t\t\t\t<\/div>\n\t\t\t\t\t<\/div>\n\t\t<\/article>\n\t\t\t\t<article class=\"elementor-post elementor-grid-item post-482 post type-post status-publish format-standard hentry category-actualite entry\" role=\"listitem\">\n\t\t\t<div class=\"elementor-post__card\">\n\t\t\t\t<div class=\"elementor-post__text\">\n\t\t\t\t<h3 class=\"elementor-post__title\">\n\t\t\t<a href=\"https:\/\/www.vfmconseil.ch\/fr\/presentation-incitation-innovation-rffa\/\" >\n\t\t\t\tPr\u00e9sentation sur les incitations \u00e0 l\u2019innovation dans le cadre de la RFFA\t\t\t<\/a>\n\t\t<\/h3>\n\t\t\t\t<div class=\"elementor-post__excerpt\">\n\t\t\t<p>Charles Fontannaz fait une pr\u00e9sentation sur les incitations \u00e0 l\u2019innovation dans le cadre de la RFFA (r\u00e9forme de la fiscalit\u00e9<\/p>\n\t\t<\/div>\n\t\t\n\t\t<a class=\"elementor-post__read-more\" href=\"https:\/\/www.vfmconseil.ch\/fr\/presentation-incitation-innovation-rffa\/\" aria-label=\"En savoir plus sur Pr\u00e9sentation sur les incitations \u00e0 l\u2019innovation dans le cadre de la RFFA\" tabindex=\"-1\" >\n\t\t\tRead More \u00bb\t\t<\/a>\n\n\t\t\t\t<\/div>\n\t\t\t\t<div class=\"elementor-post__meta-data\">\n\t\t\t\t\t<span class=\"elementor-post-date\">\n\t\t\t25 septembre 2019\t\t<\/span>\n\t\t\t\t<\/div>\n\t\t\t\t\t<\/div>\n\t\t<\/article>\n\t\t\t\t<article class=\"elementor-post elementor-grid-item post-479 post type-post status-publish format-standard hentry category-actualite entry\" role=\"listitem\">\n\t\t\t<div class=\"elementor-post__card\">\n\t\t\t\t<div class=\"elementor-post__text\">\n\t\t\t\t<h3 class=\"elementor-post__title\">\n\t\t\t<a href=\"https:\/\/www.vfmconseil.ch\/fr\/bill-muirhead-expert-programme-incubateur-y-parc\/\" >\n\t\t\t\tBill Muirhead nomm\u00e9 en qualit\u00e9 d\u2019expert dans le cadre du programme incubateur d\u2019Y-Parc\t\t\t<\/a>\n\t\t<\/h3>\n\t\t\t\t<div class=\"elementor-post__excerpt\">\n\t\t\t<p>Bill Muirhead nomm\u00e9 en qualit\u00e9 d\u2019expert dans le cadre du programme incubateur d\u2019Y-Parc. VFM Conseil a le projet d\u2019ouvrir un<\/p>\n\t\t<\/div>\n\t\t\n\t\t<a class=\"elementor-post__read-more\" href=\"https:\/\/www.vfmconseil.ch\/fr\/bill-muirhead-expert-programme-incubateur-y-parc\/\" aria-label=\"En savoir plus sur Bill Muirhead nomm\u00e9 en qualit\u00e9 d\u2019expert dans le cadre du programme incubateur d\u2019Y-Parc\" tabindex=\"-1\" >\n\t\t\tRead More \u00bb\t\t<\/a>\n\n\t\t\t\t<\/div>\n\t\t\t\t<div class=\"elementor-post__meta-data\">\n\t\t\t\t\t<span class=\"elementor-post-date\">\n\t\t\t8 mai 2018\t\t<\/span>\n\t\t\t\t<\/div>\n\t\t\t\t\t<\/div>\n\t\t<\/article>\n\t\t\t\t<\/div>\n\t\t\n\t\t\t\t\t\t<\/div>\n\t\t\t\t<\/div>\n\t\t\t\t\t<\/div>\n\t\t<\/div>\n\t\t\t\t\t<\/div>\n\t\t<\/section>\n\t\t\t\t<\/div>\n\t\t","protected":false},"excerpt":{"rendered":"","protected":false},"author":4,"featured_media":0,"parent":0,"menu_order":0,"comment_status":"closed","ping_status":"closed","template":"","meta":{"ocean_post_layout":"","ocean_both_sidebars_style":"","ocean_both_sidebars_content_width":0,"ocean_both_sidebars_sidebars_width":0,"ocean_sidebar":"0","ocean_second_sidebar":"0","ocean_disable_margins":"enable","ocean_add_body_class":"","ocean_shortcode_before_top_bar":"","ocean_shortcode_after_top_bar":"","ocean_shortcode_before_header":"","ocean_shortcode_after_header":"","ocean_has_shortcode":"","ocean_shortcode_after_title":"","ocean_shortcode_before_footer_widgets":"","ocean_shortcode_after_footer_widgets":"","ocean_shortcode_before_footer_bottom":"","ocean_shortcode_after_footer_bottom":"","ocean_display_top_bar":"default","ocean_display_header":"default","ocean_header_style":"","ocean_center_header_left_menu":"0","ocean_custom_header_template":"0","ocean_custom_logo":0,"ocean_custom_retina_logo":0,"ocean_custom_logo_max_width":0,"ocean_custom_logo_tablet_max_width":0,"ocean_custom_logo_mobile_max_width":0,"ocean_custom_logo_max_height":0,"ocean_custom_logo_tablet_max_height":0,"ocean_custom_logo_mobile_max_height":0,"ocean_header_custom_menu":"0","ocean_menu_typo_font_family":"0","ocean_menu_typo_font_subset":"","ocean_menu_typo_font_size":0,"ocean_menu_typo_font_size_tablet":0,"ocean_menu_typo_font_size_mobile":0,"ocean_menu_typo_font_size_unit":"px","ocean_menu_typo_font_weight":"","ocean_menu_typo_font_weight_tablet":"","ocean_menu_typo_font_weight_mobile":"","ocean_menu_typo_transform":"","ocean_menu_typo_transform_tablet":"","ocean_menu_typo_transform_mobile":"","ocean_menu_typo_line_height":0,"ocean_menu_typo_line_height_tablet":0,"ocean_menu_typo_line_height_mobile":0,"ocean_menu_typo_line_height_unit":"","ocean_menu_typo_spacing":0,"ocean_menu_typo_spacing_tablet":0,"ocean_menu_typo_spacing_mobile":0,"ocean_menu_typo_spacing_unit":"","ocean_menu_link_color":"","ocean_menu_link_color_hover":"","ocean_menu_link_color_active":"","ocean_menu_link_background":"","ocean_menu_link_hover_background":"","ocean_menu_link_active_background":"","ocean_menu_social_links_bg":"","ocean_menu_social_hover_links_bg":"","ocean_menu_social_links_color":"","ocean_menu_social_hover_links_color":"","ocean_disable_title":"default","ocean_disable_heading":"default","ocean_post_title":"","ocean_post_subheading":"","ocean_post_title_style":"","ocean_post_title_background_color":"","ocean_post_title_background":0,"ocean_post_title_bg_image_position":"","ocean_post_title_bg_image_attachment":"","ocean_post_title_bg_image_repeat":"","ocean_post_title_bg_image_size":"","ocean_post_title_height":0,"ocean_post_title_bg_overlay":0.5,"ocean_post_title_bg_overlay_color":"","ocean_disable_breadcrumbs":"default","ocean_breadcrumbs_color":"","ocean_breadcrumbs_separator_color":"","ocean_breadcrumbs_links_color":"","ocean_breadcrumbs_links_hover_color":"","ocean_display_footer_widgets":"default","ocean_display_footer_bottom":"default","ocean_custom_footer_template":"0","footnotes":""},"class_list":["post-487","page","type-page","status-publish","hentry","entry"],"_links":{"self":[{"href":"https:\/\/www.vfmconseil.ch\/fr\/wp-json\/wp\/v2\/pages\/487","targetHints":{"allow":["GET"]}}],"collection":[{"href":"https:\/\/www.vfmconseil.ch\/fr\/wp-json\/wp\/v2\/pages"}],"about":[{"href":"https:\/\/www.vfmconseil.ch\/fr\/wp-json\/wp\/v2\/types\/page"}],"author":[{"embeddable":true,"href":"https:\/\/www.vfmconseil.ch\/fr\/wp-json\/wp\/v2\/users\/4"}],"replies":[{"embeddable":true,"href":"https:\/\/www.vfmconseil.ch\/fr\/wp-json\/wp\/v2\/comments?post=487"}],"version-history":[{"count":4,"href":"https:\/\/www.vfmconseil.ch\/fr\/wp-json\/wp\/v2\/pages\/487\/revisions"}],"predecessor-version":[{"id":729,"href":"https:\/\/www.vfmconseil.ch\/fr\/wp-json\/wp\/v2\/pages\/487\/revisions\/729"}],"wp:attachment":[{"href":"https:\/\/www.vfmconseil.ch\/fr\/wp-json\/wp\/v2\/media?parent=487"}],"curies":[{"name":"wp","href":"https:\/\/api.w.org\/{rel}","templated":true}]}}